{"id":12103,"date":"2021-09-13T17:18:26","date_gmt":"2021-09-13T17:18:26","guid":{"rendered":"http:\/\/educacionensalud.imss.gob.mx\/ces_wp\/?page_id=12103"},"modified":"2022-04-04T16:59:36","modified_gmt":"2022-04-04T16:59:36","slug":"covid-19-algoritmos-y-protocolos-de-atencion-covid-19","status":"publish","type":"page","link":"http:\/\/educacionensalud.imss.gob.mx\/ces_wp\/covid-19-algoritmos-y-protocolos-de-atencion-covid-19\/","title":{"rendered":"COVID-19 Algoritmos y protocolos de Atenci\u00f3n COVID-19"},"content":{"rendered":"\t\t<div data-elementor-type=\"wp-page\" data-elementor-id=\"12103\" class=\"elementor elementor-12103\" data-elementor-settings=\"[]\">\n\t\t\t\t\t\t\t<div class=\"elementor-section-wrap\">\n\t\t\t\t\t\t\t<section class=\"elementor-section elementor-top-section elementor-element elementor-element-87e1437 elementor-section-full_width elementor-section-stretched v.gr. menu-principal-servicios-container elementor-hidden-phone elementor-section-height-default elementor-section-height-default\" data-id=\"87e1437\" data-element_type=\"section\" data-settings=\"{&quot;stretch_section&quot;:&quot;section-stretched&quot;,&quot;background_background&quot;:&quot;classic&quot;}\">\n\t\t\t\t\t\t<div class=\"elementor-container elementor-column-gap-no\">\n\t\t\t\t\t<div class=\"elementor-column elementor-col-100 elementor-top-column elementor-element elementor-element-a82685a top column-style-top\" data-id=\"a82685a\" data-element_type=\"column\">\n\t\t\t<div class=\"elementor-widget-wrap elementor-element-populated\">\n\t\t\t\t\t\t\t\t<div class=\"elementor-element elementor-element-2822b00 elementor-widget elementor-widget-gva-navigation-menu\" data-id=\"2822b00\" data-element_type=\"widget\" data-widget_type=\"gva-navigation-menu.default\">\n\t\t\t\t<div class=\"elementor-widget-container\">\n\t\t\t<div class=\"gva-element-gva-navigation-menu gva-element\">   <div class=\"gva-navigation-menu  menu-align-center\">\r\n      <div class=\"menu-principal-servicios-container\"><ul id=\"menu-watu\" class=\"gva-nav-menu gva-main-menu\"><li id=\"menu-item-30254\" class=\"menu-item menu-item-type-custom menu-item-object-custom menu-item-30254\"><a href=\"https:\/\/educacionensalud.imss.gob.mx\">Inicio<\/a><\/li>\n<li id=\"menu-item-4829\" class=\"menu-item menu-item-type-post_type menu-item-object-page menu-item-4829\"><a href=\"http:\/\/educacionensalud.imss.gob.mx\/ces_wp\/coordinacion-de-educacion-en-salud\/\">Con\u00f3cenos<\/a><\/li>\n<li id=\"menu-item-4830\" class=\"menu-item menu-item-type-post_type menu-item-object-page menu-item-4830\"><a href=\"http:\/\/educacionensalud.imss.gob.mx\/ces_wp\/normatividad\/\">Normatividad<\/a><\/li>\n<li id=\"menu-item-8700\" class=\"menu-item menu-item-type-custom menu-item-object-custom menu-item-has-children menu-item-8700\"><a href=\"#\">Tipo de capacitaci\u00f3n<span class=\"caret\"><\/span><\/a>\n<ul class=\"submenu-inner \">\n\t<li id=\"menu-item-9364\" class=\"menu-item menu-item-type-post_type menu-item-object-page menu-item-9364\"><a href=\"http:\/\/educacionensalud.imss.gob.mx\/ces_wp\/educacion-permanente-en-salud\/\">Educaci\u00f3n Permanente en Salud<\/a><\/li>\n\t<li id=\"menu-item-10613\" class=\"menu-item menu-item-type-post_type menu-item-object-page menu-item-10613\"><a href=\"http:\/\/educacionensalud.imss.gob.mx\/ces_wp\/docente-imss\/\">Docente IMSS<\/a><\/li>\n<\/ul>\n<\/li>\n<li id=\"menu-item-4838\" class=\"menu-item menu-item-type-custom menu-item-object-custom menu-item-has-children menu-item-4838\"><a href=\"#\">Sistemas de informaci\u00f3n<span class=\"caret\"><\/span><\/a>\n<ul class=\"submenu-inner \">\n\t<li id=\"menu-item-4839\" class=\"menu-item menu-item-type-custom menu-item-object-custom menu-item-4839\"><a target=\"_blank\" href=\"http:\/\/edumed.imss.gob.mx\/usu_acc\/\">SIICES<\/a><\/li>\n\t<li id=\"menu-item-4841\" class=\"menu-item menu-item-type-custom menu-item-object-custom menu-item-4841\"><a target=\"_blank\" href=\"http:\/\/edumed.imss.gob.mx\/Cursos\/\">SIPEC<\/a><\/li>\n\t<li id=\"menu-item-4846\" class=\"menu-item menu-item-type-custom menu-item-object-custom menu-item-4846\"><a target=\"_blank\" href=\"http:\/\/aplicativosweb-die.imss.gob.mx\/credpc\/index.php\">Reportes Desarrollo Profesional Continuo<\/a><\/li>\n\t<li id=\"menu-item-4847\" class=\"menu-item menu-item-type-custom menu-item-object-custom menu-item-4847\"><a target=\"_blank\" href=\"http:\/\/innovacioneducativa.imss.gob.mx\/\">Plataforma de Educaci\u00f3n a Distancia<\/a><\/li>\n\t<li id=\"menu-item-4848\" class=\"menu-item menu-item-type-custom menu-item-object-custom menu-item-4848\"><a target=\"_blank\" href=\"http:\/\/aplicativosweb-die.imss.gob.mx\/censo\/\">Censo Docente Institucional<\/a><\/li>\n\t<li id=\"menu-item-14093\" class=\"menu-item menu-item-type-custom menu-item-object-custom menu-item-14093\"><a href=\"https:\/\/educast.imss.gob.mx\/sys\/fofoe\/login\">Sistema de Administraci\u00f3n del FOFOE<\/a><\/li>\n\t<li id=\"menu-item-20565\" class=\"menu-item menu-item-type-custom menu-item-object-custom menu-item-20565\"><a href=\"http:\/\/11.32.41.94\/constan_ces\/\">CONSTAN-CES<\/a><\/li>\n<\/ul>\n<\/li>\n<li id=\"menu-item-4852\" class=\"menu-item menu-item-type-custom menu-item-object-custom menu-item-has-children menu-item-4852\"><a href=\"#\">Recursos<span class=\"caret\"><\/span><\/a>\n<ul class=\"submenu-inner \">\n\t<li id=\"menu-item-8813\" class=\"menu-item menu-item-type-post_type menu-item-object-page menu-item-8813\"><a href=\"http:\/\/educacionensalud.imss.gob.mx\/ces_wp\/fondo-de-fomento-a-la-educacion-fofoe\/\">Fondo de Fomento a la Educaci\u00f3n ( FOFOE )<\/a><\/li>\n\t<li id=\"menu-item-4856\" class=\"menu-item menu-item-type-custom menu-item-object-custom menu-item-4856\"><a href=\"http:\/\/educacionensalud.imss.gob.mx\/ces_wp\/educacion-presencial\/\">Educaci\u00f3n Presencial en Salud<\/a><\/li>\n\t<li id=\"menu-item-7346\" class=\"menu-item menu-item-type-post_type menu-item-object-page menu-item-7346\"><a href=\"http:\/\/educacionensalud.imss.gob.mx\/ces_wp\/sistema_bibliotecario_del_imss\/\">Sistema Bibliotecario del IMSS<\/a><\/li>\n\t<li id=\"menu-item-4858\" class=\"menu-item menu-item-type-custom menu-item-object-custom menu-item-4858\"><a href=\"http:\/\/educacionensalud.imss.gob.mx\/ces_wp\/ris\/\">Recursos de Informaci\u00f3n en Salud (RIS)<\/a><\/li>\n\t<li id=\"menu-item-4862\" class=\"menu-item menu-item-type-custom menu-item-object-custom menu-item-4862\"><a href=\"http:\/\/educacionensalud.imss.gob.mx\/ces_wp\/calidad-educativa\/\">Calidad Educativa<\/a><\/li>\n\t<li id=\"menu-item-8709\" class=\"menu-item menu-item-type-post_type menu-item-object-page menu-item-8709\"><a href=\"http:\/\/educacionensalud.imss.gob.mx\/ces_wp\/vinculacion-educativa\/\">Vinculacio\u0301n Educativa<\/a><\/li>\n\t<li id=\"menu-item-10148\" class=\"menu-item menu-item-type-custom menu-item-object-custom menu-item-10148\"><a target=\"_blank\" href=\"http:\/\/educacionensalud.imss.gob.mx\/ces_wp\/wp-content\/uploads\/2021\/08\/Convenios_Vigentes_250821.pdf\">Convenios<\/a><\/li>\n\t<li id=\"menu-item-30189\" class=\"menu-item menu-item-type-custom menu-item-object-custom menu-item-30189\"><a href=\"https:\/\/educacionensalud.imss.gob.mx\/ces_wp\/competencias-profesionales-y-transversales-para-el-personal-de-salud-del-imss\/\">Competencias profesionales y transversales para el personal de salud del IMSS<\/a><\/li>\n<\/ul>\n<\/li>\n<li id=\"menu-item-4865\" class=\"menu-item menu-item-type-post_type menu-item-object-page menu-item-4865\"><a href=\"http:\/\/educacionensalud.imss.gob.mx\/ces_wp\/directorio-ces\/\">Directorio CES<\/a><\/li>\n<li id=\"menu-item-4866\" class=\"menu-item menu-item-type-post_type menu-item-object-page menu-item-4866\"><a href=\"http:\/\/educacionensalud.imss.gob.mx\/ces_wp\/contacto\/\">Contactos<\/a><\/li>\n<\/ul><\/div>   <\/div><\/div>\t\t<\/div>\n\t\t\t\t<\/div>\n\t\t\t\t\t<\/div>\n\t\t<\/div>\n\t\t\t\t\t\t\t<\/div>\n\t\t<\/section>\n\t\t\t\t<section class=\"elementor-section elementor-top-section elementor-element elementor-element-a720218 elementor-section-boxed elementor-section-height-default elementor-section-height-default\" data-id=\"a720218\" data-element_type=\"section\">\n\t\t\t\t\t\t<div class=\"elementor-container elementor-column-gap-default\">\n\t\t\t\t\t<nav class=\"elementor-column elementor-col-100 elementor-top-column elementor-element elementor-element-ec30ebe top column-style-top\" data-id=\"ec30ebe\" data-element_type=\"column\">\n\t\t\t<div class=\"elementor-widget-wrap elementor-element-populated\">\n\t\t\t\t\t\t\t\t<div class=\"elementor-element elementor-element-7f8af4b elementor-widget elementor-widget-text-editor\" data-id=\"7f8af4b\" data-element_type=\"widget\" data-widget_type=\"text-editor.default\">\n\t\t\t\t<div class=\"elementor-widget-container\">\n\t\t\t\t\t<div class=\"elementor-text-editor elementor-clearfix\"><a href=\"http:\/\/educacionensalud.imss.gob.mx\/ces_wp\/covid-19\/\">Covid-19<\/a> \/ Algoritmos y protocolos de Atenci\u00f3n COVID-19<\/div>\n\t\t\t\t<\/div>\n\t\t\t\t<\/div>\n\t\t\t\t\t<\/div>\n\t\t<\/nav>\n\t\t\t\t\t\t\t<\/div>\n\t\t<\/section>\n\t\t\t\t<section class=\"elementor-section elementor-top-section elementor-element elementor-element-f8b28b3 elementor-section-boxed elementor-section-height-default elementor-section-height-default\" data-id=\"f8b28b3\" data-element_type=\"section\">\n\t\t\t\t\t\t<div class=\"elementor-container elementor-column-gap-default\">\n\t\t\t\t\t<div class=\"elementor-column elementor-col-100 elementor-top-column elementor-element elementor-element-d7c790d top column-style-top\" data-id=\"d7c790d\" data-element_type=\"column\">\n\t\t\t<div class=\"elementor-widget-wrap elementor-element-populated\">\n\t\t\t\t\t\t\t\t<div class=\"elementor-element elementor-element-5d24c2e elementor-widget elementor-widget-spacer\" data-id=\"5d24c2e\" data-element_type=\"widget\" data-widget_type=\"spacer.default\">\n\t\t\t\t<div class=\"elementor-widget-container\">\n\t\t\t\t\t<div class=\"elementor-spacer\">\n\t\t\t<div class=\"elementor-spacer-inner\"><\/div>\n\t\t<\/div>\n\t\t\t\t<\/div>\n\t\t\t\t<\/div>\n\t\t\t\t\t<\/div>\n\t\t<\/div>\n\t\t\t\t\t\t\t<\/div>\n\t\t<\/section>\n\t\t\t\t<section class=\"elementor-section elementor-top-section elementor-element elementor-element-0e36eef elementor-section-boxed elementor-section-height-default elementor-section-height-default\" data-id=\"0e36eef\" data-element_type=\"section\">\n\t\t\t\t\t\t<div class=\"elementor-container elementor-column-gap-default\">\n\t\t\t\t\t<div class=\"elementor-column elementor-col-100 elementor-top-column elementor-element elementor-element-9eef574 top column-style-top\" data-id=\"9eef574\" data-element_type=\"column\">\n\t\t\t<div class=\"elementor-widget-wrap elementor-element-populated\">\n\t\t\t\t\t\t\t\t<div class=\"elementor-element elementor-element-6584aa0 elementor-widget elementor-widget-gva-heading-block\" data-id=\"6584aa0\" data-element_type=\"widget\" data-widget_type=\"gva-heading-block.default\">\n\t\t\t\t<div class=\"elementor-widget-container\">\n\t\t\t<div class=\"gva-element-gva-heading-block gva-element\">   <div class=\"align-left style-1 widget gsc-heading box-align-left\">\r\n      <div class=\"content-inner\">\r\n         \r\n                  \r\n           \r\n         \r\n                     <h2 class=\"title\">\r\n               <span>Algoritmos y protocolos de Atenci\u00f3n COVID-19<\/span>\r\n            <\/h2>\r\n                  \r\n         \r\n      <\/div>\r\n   <\/div>\r\n   <div class=\"clearfix\"><\/div>\r\n<\/div>\t\t<\/div>\n\t\t\t\t<\/div>\n\t\t\t\t\t<\/div>\n\t\t<\/div>\n\t\t\t\t\t\t\t<\/div>\n\t\t<\/section>\n\t\t\t\t<section class=\"elementor-section elementor-top-section elementor-element elementor-element-056a9ed elementor-section-boxed elementor-section-height-default elementor-section-height-default\" data-id=\"056a9ed\" data-element_type=\"section\">\n\t\t\t\t\t\t<div class=\"elementor-container elementor-column-gap-default\">\n\t\t\t\t\t<div class=\"elementor-column elementor-col-100 elementor-top-column elementor-element elementor-element-4f9d446 top column-style-top\" data-id=\"4f9d446\" data-element_type=\"column\">\n\t\t\t<div class=\"elementor-widget-wrap elementor-element-populated\">\n\t\t\t\t\t\t\t\t<div class=\"elementor-element elementor-element-a1eeb7d elementor-widget elementor-widget-gva-heading-block\" data-id=\"a1eeb7d\" data-element_type=\"widget\" data-widget_type=\"gva-heading-block.default\">\n\t\t\t\t<div class=\"elementor-widget-container\">\n\t\t\t<div class=\"gva-element-gva-heading-block gva-element\">   <div class=\"align-left style-1 widget gsc-heading box-align-left\">\r\n      <div class=\"content-inner\">\r\n         \r\n                  \r\n           \r\n         \r\n                     <h2 class=\"title\">\r\n               <span>Material de reforzamiento COVID-19<\/span>\r\n            <\/h2>\r\n                  \r\n         \r\n      <\/div>\r\n   <\/div>\r\n   <div class=\"clearfix\"><\/div>\r\n<\/div>\t\t<\/div>\n\t\t\t\t<\/div>\n\t\t\t\t\t<\/div>\n\t\t<\/div>\n\t\t\t\t\t\t\t<\/div>\n\t\t<\/section>\n\t\t\t\t<section class=\"elementor-section elementor-top-section elementor-element elementor-element-7771514 elementor-section-boxed elementor-section-height-default elementor-section-height-default\" data-id=\"7771514\" data-element_type=\"section\">\n\t\t\t\t\t\t<div class=\"elementor-container elementor-column-gap-default\">\n\t\t\t\t\t<div class=\"elementor-column elementor-col-50 elementor-top-column elementor-element elementor-element-f1d09dc top column-style-top\" data-id=\"f1d09dc\" data-element_type=\"column\">\n\t\t\t<div class=\"elementor-widget-wrap elementor-element-populated\">\n\t\t\t\t\t\t\t\t<div class=\"elementor-element elementor-element-da4dacb icon-color-theme hover-color-theme elementor-icon-list--layout-traditional elementor-list-item-link-full_width elementor-widget elementor-widget-icon-list\" data-id=\"da4dacb\" data-element_type=\"widget\" data-widget_type=\"icon-list.default\">\n\t\t\t\t<div class=\"elementor-widget-container\">\n\t\t\t\t\t<ul class=\"elementor-icon-list-items\">\n\t\t\t\t\t\t\t<li class=\"elementor-icon-list-item\">\n\t\t\t\t\t<a href=\"http:\/\/educacionensalud.imss.gob.mx\/ces_wp\/wp-content\/uploads\/2021\/11\/Brochure_Mascarillas-o-cubrebocas-lo-que-debe-saber_08112021.pdf\" target=\"_blank\">\t\t\t\t\t\t<span class=\"elementor-icon-list-icon\">\n\t\t\t\t\t\t\t<i aria-hidden=\"true\" class=\"fas fa-chevron-circle-right\"><\/i>\t\t\t\t\t\t<\/span>\n\t\t\t\t\t\t\t\t\t\t<span class=\"elementor-icon-list-text\">Mascarillas o cubrebocas, lo que debe conocer.<\/span>\n\t\t\t\t\t\t\t\t\t\t\t<\/a>\n\t\t\t\t\t\t\t\t\t<\/li>\n\t\t\t\t\t\t<\/ul>\n\t\t\t\t<\/div>\n\t\t\t\t<\/div>\n\t\t\t\t\t<\/div>\n\t\t<\/div>\n\t\t\t\t<div class=\"elementor-column elementor-col-50 elementor-top-column elementor-element elementor-element-ec0c638 top column-style-top\" data-id=\"ec0c638\" data-element_type=\"column\">\n\t\t\t<div class=\"elementor-widget-wrap\">\n\t\t\t\t\t\t\t\t\t<\/div>\n\t\t<\/div>\n\t\t\t\t\t\t\t<\/div>\n\t\t<\/section>\n\t\t\t\t<section class=\"elementor-section elementor-top-section elementor-element elementor-element-99c5c67 elementor-section-boxed elementor-section-height-default elementor-section-height-default\" data-id=\"99c5c67\" data-element_type=\"section\">\n\t\t\t\t\t\t<div class=\"elementor-container elementor-column-gap-default\">\n\t\t\t\t\t<div class=\"elementor-column elementor-col-100 elementor-top-column elementor-element elementor-element-4de46af top column-style-top\" data-id=\"4de46af\" data-element_type=\"column\">\n\t\t\t<div class=\"elementor-widget-wrap elementor-element-populated\">\n\t\t\t\t\t\t\t\t<div class=\"elementor-element elementor-element-ccddc23 elementor-widget elementor-widget-gva-heading-block\" data-id=\"ccddc23\" data-element_type=\"widget\" data-widget_type=\"gva-heading-block.default\">\n\t\t\t\t<div class=\"elementor-widget-container\">\n\t\t\t<div class=\"gva-element-gva-heading-block gva-element\">   <div class=\"align-left style-1 widget gsc-heading box-align-left\">\r\n      <div class=\"content-inner\">\r\n         \r\n                  \r\n           \r\n         \r\n                     <h2 class=\"title\">\r\n               <span>Videos<\/span>\r\n            <\/h2>\r\n                  \r\n         \r\n      <\/div>\r\n   <\/div>\r\n   <div class=\"clearfix\"><\/div>\r\n<\/div>\t\t<\/div>\n\t\t\t\t<\/div>\n\t\t\t\t\t<\/div>\n\t\t<\/div>\n\t\t\t\t\t\t\t<\/div>\n\t\t<\/section>\n\t\t\t\t<section class=\"elementor-section elementor-top-section elementor-element elementor-element-8404571 elementor-section-boxed elementor-section-height-default elementor-section-height-default\" data-id=\"8404571\" data-element_type=\"section\">\n\t\t\t\t\t\t<div class=\"elementor-container elementor-column-gap-default\">\n\t\t\t\t\t<div class=\"elementor-column elementor-col-33 elementor-top-column elementor-element elementor-element-5d946f5 top column-style-top\" data-id=\"5d946f5\" data-element_type=\"column\">\n\t\t\t<div class=\"elementor-widget-wrap elementor-element-populated\">\n\t\t\t\t\t\t\t\t<div class=\"elementor-element elementor-element-0087c0d elementor-aspect-ratio-169 elementor-widget elementor-widget-video\" data-id=\"0087c0d\" data-element_type=\"widget\" data-settings=\"{&quot;youtube_url&quot;:&quot;https:\\\/\\\/youtu.be\\\/wtKALTrMInw&quot;,&quot;video_type&quot;:&quot;youtube&quot;,&quot;controls&quot;:&quot;yes&quot;,&quot;aspect_ratio&quot;:&quot;169&quot;}\" data-widget_type=\"video.default\">\n\t\t\t\t<div class=\"elementor-widget-container\">\n\t\t\t\t\t<div class=\"elementor-wrapper elementor-fit-aspect-ratio elementor-open-inline\">\n\t\t\t<div class=\"elementor-video\"><\/div>\t\t<\/div>\n\t\t\t\t<\/div>\n\t\t\t\t<\/div>\n\t\t\t\t<div class=\"elementor-element elementor-element-93fe9dd elementor-widget elementor-widget-button\" data-id=\"93fe9dd\" data-element_type=\"widget\" data-widget_type=\"button.default\">\n\t\t\t\t<div class=\"elementor-widget-container\">\n\t\t\t\t\t<div class=\"elementor-button-wrapper\">\n\t\t\t<a href=\"http:\/\/educacionensalud.imss.gob.mx\/ces_wp\/wp-content\/uploads\/2021\/11\/MG_ERVA_v4_Opt.mp4\" class=\"elementor-button-link elementor-button elementor-size-sm\" role=\"button\">\n\t\t\t\t\t\t<span class=\"elementor-button-content-wrapper\">\n\t\t\t\t\t\t<span class=\"elementor-button-text\">Enfermedad respiratoria viral aguda<\/span>\n\t\t<\/span>\n\t\t\t\t\t<\/a>\n\t\t<\/div>\n\t\t\t\t<\/div>\n\t\t\t\t<\/div>\n\t\t\t\t\t<\/div>\n\t\t<\/div>\n\t\t\t\t<div class=\"elementor-column elementor-col-33 elementor-top-column elementor-element elementor-element-cc32fa2 top column-style-top\" data-id=\"cc32fa2\" data-element_type=\"column\">\n\t\t\t<div class=\"elementor-widget-wrap elementor-element-populated\">\n\t\t\t\t\t\t\t\t<div class=\"elementor-element elementor-element-09e4b7c elementor-aspect-ratio-169 elementor-widget elementor-widget-video\" data-id=\"09e4b7c\" data-element_type=\"widget\" data-settings=\"{&quot;youtube_url&quot;:&quot;https:\\\/\\\/youtu.be\\\/8EOGFF7kKXk&quot;,&quot;video_type&quot;:&quot;youtube&quot;,&quot;controls&quot;:&quot;yes&quot;,&quot;aspect_ratio&quot;:&quot;169&quot;}\" data-widget_type=\"video.default\">\n\t\t\t\t<div class=\"elementor-widget-container\">\n\t\t\t\t\t<div class=\"elementor-wrapper elementor-fit-aspect-ratio elementor-open-inline\">\n\t\t\t<div class=\"elementor-video\"><\/div>\t\t<\/div>\n\t\t\t\t<\/div>\n\t\t\t\t<\/div>\n\t\t\t\t<div class=\"elementor-element elementor-element-d733131 elementor-widget elementor-widget-button\" data-id=\"d733131\" data-element_type=\"widget\" data-widget_type=\"button.default\">\n\t\t\t\t<div class=\"elementor-widget-container\">\n\t\t\t\t\t<div class=\"elementor-button-wrapper\">\n\t\t\t<a href=\"http:\/\/educacionensalud.imss.gob.mx\/ces_wp\/wp-content\/uploads\/2021\/11\/MG_Estrategias_colectivas_V3_Opt.mp4\" class=\"elementor-button-link elementor-button elementor-size-sm\" role=\"button\">\n\t\t\t\t\t\t<span class=\"elementor-button-content-wrapper\">\n\t\t\t\t\t\t<span class=\"elementor-button-text\">Estrategias colectivas contra la COVID-19<\/span>\n\t\t<\/span>\n\t\t\t\t\t<\/a>\n\t\t<\/div>\n\t\t\t\t<\/div>\n\t\t\t\t<\/div>\n\t\t\t\t\t<\/div>\n\t\t<\/div>\n\t\t\t\t<div class=\"elementor-column elementor-col-33 elementor-top-column elementor-element elementor-element-e2ddcae top column-style-top\" data-id=\"e2ddcae\" data-element_type=\"column\">\n\t\t\t<div class=\"elementor-widget-wrap elementor-element-populated\">\n\t\t\t\t\t\t\t\t<div class=\"elementor-element elementor-element-f2a847b elementor-aspect-ratio-169 elementor-widget elementor-widget-video\" data-id=\"f2a847b\" data-element_type=\"widget\" data-settings=\"{&quot;youtube_url&quot;:&quot;https:\\\/\\\/youtu.be\\\/Svfdg2ltmU4&quot;,&quot;video_type&quot;:&quot;youtube&quot;,&quot;controls&quot;:&quot;yes&quot;,&quot;aspect_ratio&quot;:&quot;169&quot;}\" data-widget_type=\"video.default\">\n\t\t\t\t<div class=\"elementor-widget-container\">\n\t\t\t\t\t<div class=\"elementor-wrapper elementor-fit-aspect-ratio elementor-open-inline\">\n\t\t\t<div class=\"elementor-video\"><\/div>\t\t<\/div>\n\t\t\t\t<\/div>\n\t\t\t\t<\/div>\n\t\t\t\t<div class=\"elementor-element elementor-element-d3fb692 elementor-widget elementor-widget-button\" data-id=\"d3fb692\" data-element_type=\"widget\" data-widget_type=\"button.default\">\n\t\t\t\t<div class=\"elementor-widget-container\">\n\t\t\t\t\t<div class=\"elementor-button-wrapper\">\n\t\t\t<a href=\"http:\/\/educacionensalud.imss.gob.mx\/ces_wp\/wp-content\/uploads\/2021\/11\/MG_Medidas_Preventivas_V3_Opt.mp4\" class=\"elementor-button-link elementor-button elementor-size-sm\" role=\"button\">\n\t\t\t\t\t\t<span class=\"elementor-button-content-wrapper\">\n\t\t\t\t\t\t<span class=\"elementor-button-text\">Medidas preventivas en la atenci\u00f3n a pacientes con enfermedad respiratoria viral aguda<\/span>\n\t\t<\/span>\n\t\t\t\t\t<\/a>\n\t\t<\/div>\n\t\t\t\t<\/div>\n\t\t\t\t<\/div>\n\t\t\t\t\t<\/div>\n\t\t<\/div>\n\t\t\t\t\t\t\t<\/div>\n\t\t<\/section>\n\t\t\t\t<section class=\"elementor-section elementor-top-section elementor-element elementor-element-8be4ec8 elementor-section-boxed elementor-section-height-default elementor-section-height-default\" data-id=\"8be4ec8\" data-element_type=\"section\">\n\t\t\t\t\t\t<div class=\"elementor-container elementor-column-gap-default\">\n\t\t\t\t\t<div class=\"elementor-column elementor-col-33 elementor-top-column elementor-element elementor-element-d9787f4 top column-style-top\" data-id=\"d9787f4\" data-element_type=\"column\">\n\t\t\t<div class=\"elementor-widget-wrap elementor-element-populated\">\n\t\t\t\t\t\t\t\t<div class=\"elementor-element elementor-element-a28f09e elementor-aspect-ratio-169 elementor-widget elementor-widget-video\" data-id=\"a28f09e\" data-element_type=\"widget\" data-settings=\"{&quot;youtube_url&quot;:&quot;https:\\\/\\\/youtu.be\\\/JZuvvGc2Dlk&quot;,&quot;video_type&quot;:&quot;youtube&quot;,&quot;controls&quot;:&quot;yes&quot;,&quot;aspect_ratio&quot;:&quot;169&quot;}\" data-widget_type=\"video.default\">\n\t\t\t\t<div class=\"elementor-widget-container\">\n\t\t\t\t\t<div class=\"elementor-wrapper elementor-fit-aspect-ratio elementor-open-inline\">\n\t\t\t<div class=\"elementor-video\"><\/div>\t\t<\/div>\n\t\t\t\t<\/div>\n\t\t\t\t<\/div>\n\t\t\t\t<div class=\"elementor-element elementor-element-aca63da elementor-align-justify elementor-widget elementor-widget-button\" data-id=\"aca63da\" data-element_type=\"widget\" data-widget_type=\"button.default\">\n\t\t\t\t<div class=\"elementor-widget-container\">\n\t\t\t\t\t<div class=\"elementor-button-wrapper\">\n\t\t\t<a href=\"http:\/\/educacionensalud.imss.gob.mx\/ces_wp\/wp-content\/uploads\/2021\/11\/MG_Tratamiento-pacientes-ERVA_V03_Opt.mp4\" target=\"_blank\" class=\"elementor-button-link elementor-button elementor-size-xs\" role=\"button\">\n\t\t\t\t\t\t<span class=\"elementor-button-content-wrapper\">\n\t\t\t\t\t\t<span class=\"elementor-button-text\">Tratamiento de los pacientes con enfermedad respiratoria viral aguda<\/span>\n\t\t<\/span>\n\t\t\t\t\t<\/a>\n\t\t<\/div>\n\t\t\t\t<\/div>\n\t\t\t\t<\/div>\n\t\t\t\t\t<\/div>\n\t\t<\/div>\n\t\t\t\t<div class=\"elementor-column elementor-col-33 elementor-top-column elementor-element elementor-element-8eeaed0 top column-style-top\" data-id=\"8eeaed0\" data-element_type=\"column\">\n\t\t\t<div class=\"elementor-widget-wrap elementor-element-populated\">\n\t\t\t\t\t\t\t\t<div class=\"elementor-element elementor-element-2ffd5e1 elementor-aspect-ratio-169 elementor-widget elementor-widget-video\" data-id=\"2ffd5e1\" data-element_type=\"widget\" data-settings=\"{&quot;youtube_url&quot;:&quot;https:\\\/\\\/youtu.be\\\/u-964Z_a0u8&quot;,&quot;video_type&quot;:&quot;youtube&quot;,&quot;controls&quot;:&quot;yes&quot;,&quot;aspect_ratio&quot;:&quot;169&quot;}\" data-widget_type=\"video.default\">\n\t\t\t\t<div class=\"elementor-widget-container\">\n\t\t\t\t\t<div class=\"elementor-wrapper elementor-fit-aspect-ratio elementor-open-inline\">\n\t\t\t<div class=\"elementor-video\"><\/div>\t\t<\/div>\n\t\t\t\t<\/div>\n\t\t\t\t<\/div>\n\t\t\t\t<div class=\"elementor-element elementor-element-3000ef2 elementor-align-justify elementor-widget elementor-widget-button\" data-id=\"3000ef2\" data-element_type=\"widget\" data-widget_type=\"button.default\">\n\t\t\t\t<div class=\"elementor-widget-container\">\n\t\t\t\t\t<div class=\"elementor-button-wrapper\">\n\t\t\t<a href=\"http:\/\/educacionensalud.imss.gob.mx\/ces_wp\/wp-content\/uploads\/2021\/11\/MG_Recomendaciones-para-disminuir-riesgo-de-contagio-_V4_Opt.mp4\" target=\"_blank\" class=\"elementor-button-link elementor-button elementor-size-xs\" role=\"button\">\n\t\t\t\t\t\t<span class=\"elementor-button-content-wrapper\">\n\t\t\t\t\t\t<span class=\"elementor-button-text\">Recomendaciones para disminuir el riesgo de contagio por SARS-CoV-2<\/span>\n\t\t<\/span>\n\t\t\t\t\t<\/a>\n\t\t<\/div>\n\t\t\t\t<\/div>\n\t\t\t\t<\/div>\n\t\t\t\t\t<\/div>\n\t\t<\/div>\n\t\t\t\t<div class=\"elementor-column elementor-col-33 elementor-top-column elementor-element elementor-element-d02af33 top column-style-top\" data-id=\"d02af33\" data-element_type=\"column\">\n\t\t\t<div class=\"elementor-widget-wrap elementor-element-populated\">\n\t\t\t\t\t\t\t\t<div class=\"elementor-element elementor-element-9d4e946 elementor-aspect-ratio-169 elementor-widget elementor-widget-video\" data-id=\"9d4e946\" data-element_type=\"widget\" data-settings=\"{&quot;youtube_url&quot;:&quot;https:\\\/\\\/youtu.be\\\/a_xu-v3RBDA&quot;,&quot;video_type&quot;:&quot;youtube&quot;,&quot;controls&quot;:&quot;yes&quot;,&quot;aspect_ratio&quot;:&quot;169&quot;}\" data-widget_type=\"video.default\">\n\t\t\t\t<div class=\"elementor-widget-container\">\n\t\t\t\t\t<div class=\"elementor-wrapper elementor-fit-aspect-ratio elementor-open-inline\">\n\t\t\t<div class=\"elementor-video\"><\/div>\t\t<\/div>\n\t\t\t\t<\/div>\n\t\t\t\t<\/div>\n\t\t\t\t<div class=\"elementor-element elementor-element-accdebc elementor-align-justify elementor-widget elementor-widget-button\" data-id=\"accdebc\" data-element_type=\"widget\" data-widget_type=\"button.default\">\n\t\t\t\t<div class=\"elementor-widget-container\">\n\t\t\t\t\t<div class=\"elementor-button-wrapper\">\n\t\t\t<a href=\"http:\/\/educacionensalud.imss.gob.mx\/ces_wp\/wp-content\/uploads\/2021\/11\/MG_Mitos_vacunacion_V4_Opt.mp4\" target=\"_blank\" class=\"elementor-button-link elementor-button elementor-size-xs\" role=\"button\">\n\t\t\t\t\t\t<span class=\"elementor-button-content-wrapper\">\n\t\t\t\t\t\t<span class=\"elementor-button-text\">Mitos de la vacunacio\u0301n contra la COVID-19<\/span>\n\t\t<\/span>\n\t\t\t\t\t<\/a>\n\t\t<\/div>\n\t\t\t\t<\/div>\n\t\t\t\t<\/div>\n\t\t\t\t\t<\/div>\n\t\t<\/div>\n\t\t\t\t\t\t\t<\/div>\n\t\t<\/section>\n\t\t\t\t<section class=\"elementor-section elementor-top-section elementor-element elementor-element-0f0fbbe elementor-section-boxed elementor-section-height-default elementor-section-height-default\" data-id=\"0f0fbbe\" data-element_type=\"section\">\n\t\t\t\t\t\t<div class=\"elementor-container elementor-column-gap-default\">\n\t\t\t\t\t<div class=\"elementor-column elementor-col-100 elementor-top-column elementor-element elementor-element-ae5929a top column-style-top\" data-id=\"ae5929a\" data-element_type=\"column\">\n\t\t\t<div class=\"elementor-widget-wrap elementor-element-populated\">\n\t\t\t\t\t\t\t\t<div class=\"elementor-element elementor-element-a2e8300 elementor-widget elementor-widget-gva-heading-block\" data-id=\"a2e8300\" data-element_type=\"widget\" data-widget_type=\"gva-heading-block.default\">\n\t\t\t\t<div class=\"elementor-widget-container\">\n\t\t\t<div class=\"gva-element-gva-heading-block gva-element\">   <div class=\"align-left style-1 widget gsc-heading box-align-left\">\r\n      <div class=\"content-inner\">\r\n         \r\n                  \r\n           \r\n         \r\n                     <h2 class=\"title\">\r\n               <span>Materiales<\/span>\r\n            <\/h2>\r\n                  \r\n         \r\n      <\/div>\r\n   <\/div>\r\n   <div class=\"clearfix\"><\/div>\r\n<\/div>\t\t<\/div>\n\t\t\t\t<\/div>\n\t\t\t\t\t<\/div>\n\t\t<\/div>\n\t\t\t\t\t\t\t<\/div>\n\t\t<\/section>\n\t\t\t\t<section class=\"elementor-section elementor-top-section elementor-element elementor-element-eb7a6af elementor-section-boxed elementor-section-height-default elementor-section-height-default\" data-id=\"eb7a6af\" data-element_type=\"section\">\n\t\t\t\t\t\t<div class=\"elementor-container elementor-column-gap-default\">\n\t\t\t\t\t<div class=\"elementor-column elementor-col-50 elementor-top-column elementor-element elementor-element-76d4692 top column-style-top\" data-id=\"76d4692\" data-element_type=\"column\">\n\t\t\t<div class=\"elementor-widget-wrap elementor-element-populated\">\n\t\t\t\t\t\t\t\t<div class=\"elementor-element elementor-element-b40b025 icon-color-theme hover-color-theme elementor-icon-list--layout-traditional elementor-list-item-link-full_width elementor-widget elementor-widget-icon-list\" data-id=\"b40b025\" data-element_type=\"widget\" data-widget_type=\"icon-list.default\">\n\t\t\t\t<div class=\"elementor-widget-container\">\n\t\t\t\t\t<ul class=\"elementor-icon-list-items\">\n\t\t\t\t\t\t\t<li class=\"elementor-icon-list-item\">\n\t\t\t\t\t<a href=\"http:\/\/educacionensalud.imss.gob.mx\/ces_wp\/wp-content\/uploads\/2021\/09\/ALPA1-GuiaTx_COVID19_Consenso.pdf\" target=\"_blank\">\t\t\t\t\t\t<span class=\"elementor-icon-list-icon\">\n\t\t\t\t\t\t\t<i aria-hidden=\"true\" class=\"fas fa-chevron-circle-right\"><\/i>\t\t\t\t\t\t<\/span>\n\t\t\t\t\t\t\t\t\t\t<span class=\"elementor-icon-list-text\">Gu\u00eda Cl\u00ednica para el Tratamiento de la COVID-19 en M\u00e9xico<\/span>\n\t\t\t\t\t\t\t\t\t\t\t<\/a>\n\t\t\t\t\t\t\t\t\t<\/li>\n\t\t\t\t\t\t\t\t<li class=\"elementor-icon-list-item\">\n\t\t\t\t\t<a href=\"http:\/\/educacionensalud.imss.gob.mx\/ces_wp\/wp-content\/uploads\/2021\/09\/ALPA3-Gui\u0301a_te\u0301cnica_calidad_atencio\u0301n_COVID-19_large_version.pdf\" target=\"_blank\">\t\t\t\t\t\t<span class=\"elementor-icon-list-icon\">\n\t\t\t\t\t\t\t<i aria-hidden=\"true\" class=\"fas fa-chevron-circle-right\"><\/i>\t\t\t\t\t\t<\/span>\n\t\t\t\t\t\t\t\t\t\t<span class=\"elementor-icon-list-text\">Gu\u00eda T\u00e9cnica para la mejora de la calidad de la atenci\u00f3n en pacientes con COVID-19 (Versi\u00f3n Extendida)<\/span>\n\t\t\t\t\t\t\t\t\t\t\t<\/a>\n\t\t\t\t\t\t\t\t\t<\/li>\n\t\t\t\t\t\t<\/ul>\n\t\t\t\t<\/div>\n\t\t\t\t<\/div>\n\t\t\t\t\t<\/div>\n\t\t<\/div>\n\t\t\t\t<div class=\"elementor-column elementor-col-50 elementor-top-column elementor-element elementor-element-06d3b98 top column-style-top\" data-id=\"06d3b98\" data-element_type=\"column\">\n\t\t\t<div class=\"elementor-widget-wrap elementor-element-populated\">\n\t\t\t\t\t\t\t\t<div class=\"elementor-element elementor-element-dc99c4d icon-color-theme hover-color-theme elementor-icon-list--layout-traditional elementor-list-item-link-full_width elementor-widget elementor-widget-icon-list\" data-id=\"dc99c4d\" data-element_type=\"widget\" data-widget_type=\"icon-list.default\">\n\t\t\t\t<div class=\"elementor-widget-container\">\n\t\t\t\t\t<ul class=\"elementor-icon-list-items\">\n\t\t\t\t\t\t\t<li class=\"elementor-icon-list-item\">\n\t\t\t\t\t<a href=\"http:\/\/educacionensalud.imss.gob.mx\/ces_wp\/wp-content\/uploads\/2021\/09\/ALPA2-Algoritmos_interinos_COVID19_EC.pdf\" target=\"_blank\">\t\t\t\t\t\t<span class=\"elementor-icon-list-icon\">\n\t\t\t\t\t\t\t<i aria-hidden=\"true\" class=\"fas fa-chevron-circle-right\"><\/i>\t\t\t\t\t\t<\/span>\n\t\t\t\t\t\t\t\t\t\t<span class=\"elementor-icon-list-text\">- Algoritmos interinos para la atenci\u00f3n del COVID-19<\/span>\n\t\t\t\t\t\t\t\t\t\t\t<\/a>\n\t\t\t\t\t\t\t\t\t<\/li>\n\t\t\t\t\t\t\t\t<li class=\"elementor-icon-list-item\">\n\t\t\t\t\t<a href=\"http:\/\/educacionensalud.imss.gob.mx\/ces_wp\/wp-content\/uploads\/2022\/04\/Gui\u0301a_te\u0301cnica_calidad_atencio\u0301n_COVID-19_version-resumida.pdf\" target=\"_blank\">\t\t\t\t\t\t<span class=\"elementor-icon-list-icon\">\n\t\t\t\t\t\t\t<i aria-hidden=\"true\" class=\"fas fa-chevron-circle-right\"><\/i>\t\t\t\t\t\t<\/span>\n\t\t\t\t\t\t\t\t\t\t<span class=\"elementor-icon-list-text\">Gu\u00eda T\u00e9cnica para la mejora de la calidad de la atenci\u00f3n en pacientes con COVID-19 (Versi\u00f3n Resumida)<\/span>\n\t\t\t\t\t\t\t\t\t\t\t<\/a>\n\t\t\t\t\t\t\t\t\t<\/li>\n\t\t\t\t\t\t<\/ul>\n\t\t\t\t<\/div>\n\t\t\t\t<\/div>\n\t\t\t\t\t<\/div>\n\t\t<\/div>\n\t\t\t\t\t\t\t<\/div>\n\t\t<\/section>\n\t\t\t\t<section class=\"elementor-section elementor-top-section elementor-element elementor-element-b8fa0bd elementor-section-boxed elementor-section-height-default elementor-section-height-default\" data-id=\"b8fa0bd\" data-element_type=\"section\">\n\t\t\t\t\t\t<div class=\"elementor-container elementor-column-gap-default\">\n\t\t\t\t\t<div class=\"elementor-column elementor-col-100 elementor-top-column elementor-element elementor-element-692a783 top column-style-top\" data-id=\"692a783\" data-element_type=\"column\">\n\t\t\t<div class=\"elementor-widget-wrap elementor-element-populated\">\n\t\t\t\t\t\t\t\t<div class=\"elementor-element elementor-element-7afccb5 elementor-widget elementor-widget-spacer\" data-id=\"7afccb5\" data-element_type=\"widget\" data-widget_type=\"spacer.default\">\n\t\t\t\t<div class=\"elementor-widget-container\">\n\t\t\t\t\t<div class=\"elementor-spacer\">\n\t\t\t<div class=\"elementor-spacer-inner\"><\/div>\n\t\t<\/div>\n\t\t\t\t<\/div>\n\t\t\t\t<\/div>\n\t\t\t\t\t<\/div>\n\t\t<\/div>\n\t\t\t\t\t\t\t<\/div>\n\t\t<\/section>\n\t\t\t\t<section class=\"elementor-section elementor-top-section elementor-element elementor-element-da20535 elementor-section-boxed elementor-section-height-default elementor-section-height-default\" data-id=\"da20535\" data-element_type=\"section\">\n\t\t\t\t\t\t<div class=\"elementor-container elementor-column-gap-default\">\n\t\t\t\t\t<div class=\"elementor-column elementor-col-100 elementor-top-column elementor-element elementor-element-0d0adda top column-style-top\" data-id=\"0d0adda\" data-element_type=\"column\">\n\t\t\t<div class=\"elementor-widget-wrap elementor-element-populated\">\n\t\t\t\t\t\t\t\t<div class=\"elementor-element elementor-element-e065b86 elementor-widget elementor-widget-gva-heading-block\" data-id=\"e065b86\" data-element_type=\"widget\" data-widget_type=\"gva-heading-block.default\">\n\t\t\t\t<div class=\"elementor-widget-container\">\n\t\t\t<div class=\"gva-element-gva-heading-block gva-element\">   <div class=\"align-left style-1 widget gsc-heading box-align-left\">\r\n      <div class=\"content-inner\">\r\n         \r\n                  \r\n           \r\n         \r\n                     <h2 class=\"title\">\r\n               <span>Infograf\u00edas para la Atenci\u00f3n Cl\u00ednica de Pacientes COVID-19<\/span>\r\n            <\/h2>\r\n                  \r\n         \r\n      <\/div>\r\n   <\/div>\r\n   <div class=\"clearfix\"><\/div>\r\n<\/div>\t\t<\/div>\n\t\t\t\t<\/div>\n\t\t\t\t\t<\/div>\n\t\t<\/div>\n\t\t\t\t\t\t\t<\/div>\n\t\t<\/section>\n\t\t\t\t<section class=\"elementor-section elementor-top-section elementor-element elementor-element-68ad781 elementor-section-boxed elementor-section-height-default elementor-section-height-default\" data-id=\"68ad781\" data-element_type=\"section\">\n\t\t\t\t\t\t<div class=\"elementor-container elementor-column-gap-default\">\n\t\t\t\t\t<div class=\"elementor-column elementor-col-50 elementor-top-column elementor-element elementor-element-40b57ec top column-style-top\" data-id=\"40b57ec\" data-element_type=\"column\">\n\t\t\t<div class=\"elementor-widget-wrap elementor-element-populated\">\n\t\t\t\t\t\t\t\t<div class=\"elementor-element elementor-element-295a720 icon-color-theme hover-color-theme elementor-icon-list--layout-traditional elementor-list-item-link-full_width elementor-widget elementor-widget-icon-list\" data-id=\"295a720\" data-element_type=\"widget\" data-widget_type=\"icon-list.default\">\n\t\t\t\t<div class=\"elementor-widget-container\">\n\t\t\t\t\t<ul class=\"elementor-icon-list-items\">\n\t\t\t\t\t\t\t<li class=\"elementor-icon-list-item\">\n\t\t\t\t\t<a href=\"http:\/\/educacionensalud.imss.gob.mx\/ces_wp\/wp-content\/uploads\/2021\/09\/ALPA5-Infografia_Procedimientos-cardiovasculares-COVID19_04082021.pdf\" target=\"_blank\">\t\t\t\t\t\t<span class=\"elementor-icon-list-icon\">\n\t\t\t\t\t\t\t<i aria-hidden=\"true\" class=\"fas fa-chevron-circle-right\"><\/i>\t\t\t\t\t\t<\/span>\n\t\t\t\t\t\t\t\t\t\t<span class=\"elementor-icon-list-text\"> Procedimientos cardiovasculares durante la pandemia de COVID-19<\/span>\n\t\t\t\t\t\t\t\t\t\t\t<\/a>\n\t\t\t\t\t\t\t\t\t<\/li>\n\t\t\t\t\t\t\t\t<li class=\"elementor-icon-list-item\">\n\t\t\t\t\t<a href=\"http:\/\/educacionensalud.imss.gob.mx\/ces_wp\/wp-content\/uploads\/2021\/09\/ALPA7-Infografia_Evaluacioon-del-riesgo-pacientes-sintomas-leves-COVID19_04082021.pdf\" target=\"_blank\">\t\t\t\t\t\t<span class=\"elementor-icon-list-icon\">\n\t\t\t\t\t\t\t<i aria-hidden=\"true\" class=\"fas fa-chevron-circle-right\"><\/i>\t\t\t\t\t\t<\/span>\n\t\t\t\t\t\t\t\t\t\t<span class=\"elementor-icon-list-text\">Evaluaci\u00f3n del riesgo en pacientes con s\u00edntomas leves de COVID-19<\/span>\n\t\t\t\t\t\t\t\t\t\t\t<\/a>\n\t\t\t\t\t\t\t\t\t<\/li>\n\t\t\t\t\t\t\t\t<li class=\"elementor-icon-list-item\">\n\t\t\t\t\t<a href=\"http:\/\/educacionensalud.imss.gob.mx\/ces_wp\/wp-content\/uploads\/2021\/09\/ALPA9-Infografia_Rehabilitacion_pulmonar.pdf\" target=\"_blank\">\t\t\t\t\t\t<span class=\"elementor-icon-list-icon\">\n\t\t\t\t\t\t\t<i aria-hidden=\"true\" class=\"fas fa-chevron-circle-right\"><\/i>\t\t\t\t\t\t<\/span>\n\t\t\t\t\t\t\t\t\t\t<span class=\"elementor-icon-list-text\">Rehabilitaci\u00f3n Pulmonar<\/span>\n\t\t\t\t\t\t\t\t\t\t\t<\/a>\n\t\t\t\t\t\t\t\t\t<\/li>\n\t\t\t\t\t\t\t\t<li class=\"elementor-icon-list-item\">\n\t\t\t\t\t<a href=\"http:\/\/educacionensalud.imss.gob.mx\/ces_wp\/wp-content\/uploads\/2021\/09\/ALPA11-Infografia_calculadora_de_complicaciones_de_salud_por_COVID19.pdf\" target=\"_blank\">\t\t\t\t\t\t<span class=\"elementor-icon-list-icon\">\n\t\t\t\t\t\t\t<i aria-hidden=\"true\" class=\"fas fa-chevron-circle-right\"><\/i>\t\t\t\t\t\t<\/span>\n\t\t\t\t\t\t\t\t\t\t<span class=\"elementor-icon-list-text\">Calculadora de complicaci\u00f3n de salud por COVID-19<\/span>\n\t\t\t\t\t\t\t\t\t\t\t<\/a>\n\t\t\t\t\t\t\t\t\t<\/li>\n\t\t\t\t\t\t\t\t<li class=\"elementor-icon-list-item\">\n\t\t\t\t\t<a href=\"http:\/\/educacionensalud.imss.gob.mx\/ces_wp\/wp-content\/uploads\/2021\/09\/ALPA13-Infografia_Recomendaciones_para_el_medico_de_primer_contacto_enf_cardiovasculares.pdf\" target=\"_blank\">\t\t\t\t\t\t<span class=\"elementor-icon-list-icon\">\n\t\t\t\t\t\t\t<i aria-hidden=\"true\" class=\"fas fa-chevron-circle-right\"><\/i>\t\t\t\t\t\t<\/span>\n\t\t\t\t\t\t\t\t\t\t<span class=\"elementor-icon-list-text\">Recomendaciones para el personal m\u00e9dico de primer contacto: Pacientes con s\u00edntomas leves de COVID-19 y enfermedades cardiovasculares<\/span>\n\t\t\t\t\t\t\t\t\t\t\t<\/a>\n\t\t\t\t\t\t\t\t\t<\/li>\n\t\t\t\t\t\t\t\t<li class=\"elementor-icon-list-item\">\n\t\t\t\t\t<a href=\"http:\/\/educacionensalud.imss.gob.mx\/ces_wp\/wp-content\/uploads\/2021\/09\/ALPA1-Infografia_Criterios_evaluacion_qSOFA.pdf\" target=\"_blank\">\t\t\t\t\t\t<span class=\"elementor-icon-list-icon\">\n\t\t\t\t\t\t\t<i aria-hidden=\"true\" class=\"fas fa-chevron-circle-right\"><\/i>\t\t\t\t\t\t<\/span>\n\t\t\t\t\t\t\t\t\t\t<span class=\"elementor-icon-list-text\">Criterios de evaluaci\u00f3n r\u00e1pida de falla org\u00e1nica relacionada con sepsis (qSOFA)<\/span>\n\t\t\t\t\t\t\t\t\t\t\t<\/a>\n\t\t\t\t\t\t\t\t\t<\/li>\n\t\t\t\t\t\t\t\t<li class=\"elementor-icon-list-item\">\n\t\t\t\t\t<a href=\"http:\/\/educacionensalud.imss.gob.mx\/ces_wp\/wp-content\/uploads\/2021\/09\/ALPA16-Infografia_Identificacion_casos_segun_gravedad_y_opciones_terapeuticas.pdf\" target=\"_blank\">\t\t\t\t\t\t<span class=\"elementor-icon-list-icon\">\n\t\t\t\t\t\t\t<i aria-hidden=\"true\" class=\"fas fa-chevron-circle-right\"><\/i>\t\t\t\t\t\t<\/span>\n\t\t\t\t\t\t\t\t\t\t<span class=\"elementor-icon-list-text\">Identificaci\u00f3n de casos seg\u00fan gravedad y opciones terap\u00e9uticas<\/span>\n\t\t\t\t\t\t\t\t\t\t\t<\/a>\n\t\t\t\t\t\t\t\t\t<\/li>\n\t\t\t\t\t\t<\/ul>\n\t\t\t\t<\/div>\n\t\t\t\t<\/div>\n\t\t\t\t\t<\/div>\n\t\t<\/div>\n\t\t\t\t<div class=\"elementor-column elementor-col-50 elementor-top-column elementor-element elementor-element-d69dd97 top column-style-top\" data-id=\"d69dd97\" data-element_type=\"column\">\n\t\t\t<div class=\"elementor-widget-wrap elementor-element-populated\">\n\t\t\t\t\t\t\t\t<div class=\"elementor-element elementor-element-bb59c48 icon-color-theme hover-color-theme elementor-icon-list--layout-traditional elementor-list-item-link-full_width elementor-widget elementor-widget-icon-list\" data-id=\"bb59c48\" data-element_type=\"widget\" data-widget_type=\"icon-list.default\">\n\t\t\t\t<div class=\"elementor-widget-container\">\n\t\t\t\t\t<ul class=\"elementor-icon-list-items\">\n\t\t\t\t\t\t\t<li class=\"elementor-icon-list-item\">\n\t\t\t\t\t<a href=\"http:\/\/educacionensalud.imss.gob.mx\/ces_wp\/wp-content\/uploads\/2021\/09\/ALPA6-Infografia_Manejo-enfermedades-cardiovasculares-pacientes-COVID19_04082021.pdf\" target=\"_blank\">\t\t\t\t\t\t<span class=\"elementor-icon-list-icon\">\n\t\t\t\t\t\t\t<i aria-hidden=\"true\" class=\"fas fa-chevron-circle-right\"><\/i>\t\t\t\t\t\t<\/span>\n\t\t\t\t\t\t\t\t\t\t<span class=\"elementor-icon-list-text\">Manejo de enfermedades cardiovasculares en pacientes con COVID-19<\/span>\n\t\t\t\t\t\t\t\t\t\t\t<\/a>\n\t\t\t\t\t\t\t\t\t<\/li>\n\t\t\t\t\t\t\t\t<li class=\"elementor-icon-list-item\">\n\t\t\t\t\t<a href=\"http:\/\/educacionensalud.imss.gob.mx\/ces_wp\/wp-content\/uploads\/2021\/09\/ALPA8-Infografia_Escala_NEWS_04082021.pdf\" target=\"_blank\">\t\t\t\t\t\t<span class=\"elementor-icon-list-icon\">\n\t\t\t\t\t\t\t<i aria-hidden=\"true\" class=\"fas fa-chevron-circle-right\"><\/i>\t\t\t\t\t\t<\/span>\n\t\t\t\t\t\t\t\t\t\t<span class=\"elementor-icon-list-text\">Escala NEWS 2 para evaluaci\u00f3n de riesgo para curso severo de paciente COVID-19<\/span>\n\t\t\t\t\t\t\t\t\t\t\t<\/a>\n\t\t\t\t\t\t\t\t\t<\/li>\n\t\t\t\t\t\t\t\t<li class=\"elementor-icon-list-item\">\n\t\t\t\t\t<a href=\"http:\/\/educacionensalud.imss.gob.mx\/ces_wp\/wp-content\/uploads\/2021\/09\/ALPA10-Infografia_COVID-19_6_pasos_para_dar_malas_noticias.pdf\" target=\"_blank\">\t\t\t\t\t\t<span class=\"elementor-icon-list-icon\">\n\t\t\t\t\t\t\t<i aria-hidden=\"true\" class=\"fas fa-chevron-circle-right\"><\/i>\t\t\t\t\t\t<\/span>\n\t\t\t\t\t\t\t\t\t\t<span class=\"elementor-icon-list-text\"> COVID-19: seis pasos para dar malas noticias<\/span>\n\t\t\t\t\t\t\t\t\t\t\t<\/a>\n\t\t\t\t\t\t\t\t\t<\/li>\n\t\t\t\t\t\t\t\t<li class=\"elementor-icon-list-item\">\n\t\t\t\t\t<a href=\"http:\/\/educacionensalud.imss.gob.mx\/ces_wp\/wp-content\/uploads\/2021\/09\/ALPA12-Infografia_Consideraciones_adulto_mayor_sospecha_o_confirmacion_COVID19.pdf\" target=\"_blank\">\t\t\t\t\t\t<span class=\"elementor-icon-list-icon\">\n\t\t\t\t\t\t\t<i aria-hidden=\"true\" class=\"fas fa-chevron-circle-right\"><\/i>\t\t\t\t\t\t<\/span>\n\t\t\t\t\t\t\t\t\t\t<span class=\"elementor-icon-list-text\"> Consideraciones generales en el adulto mayor con sospecha de COVID-19 o caso confirmado<\/span>\n\t\t\t\t\t\t\t\t\t\t\t<\/a>\n\t\t\t\t\t\t\t\t\t<\/li>\n\t\t\t\t\t\t\t\t<li class=\"elementor-icon-list-item\">\n\t\t\t\t\t<a href=\"http:\/\/educacionensalud.imss.gob.mx\/ces_wp\/wp-content\/uploads\/2021\/09\/ALPA14-Infografia_Parametros_de_mal_pronostico_objetivos_aspectos_bioeticos.pdf\" target=\"_blank\">\t\t\t\t\t\t<span class=\"elementor-icon-list-icon\">\n\t\t\t\t\t\t\t<i aria-hidden=\"true\" class=\"fas fa-chevron-circle-right\"><\/i>\t\t\t\t\t\t<\/span>\n\t\t\t\t\t\t\t\t\t\t<span class=\"elementor-icon-list-text\">Par\u00e1metros objetivos de mal pron\u00f3stico<\/span>\n\t\t\t\t\t\t\t\t\t\t\t<\/a>\n\t\t\t\t\t\t\t\t\t<\/li>\n\t\t\t\t\t\t\t\t<li class=\"elementor-icon-list-item\">\n\t\t\t\t\t<a href=\"http:\/\/educacionensalud.imss.gob.mx\/ces_wp\/wp-content\/uploads\/2021\/09\/ALPA15-Infografia_Escala_valoracion_disnea_mMRC.pdf\" target=\"_blank\">\t\t\t\t\t\t<span class=\"elementor-icon-list-icon\">\n\t\t\t\t\t\t\t<i aria-hidden=\"true\" class=\"fas fa-chevron-circle-right\"><\/i>\t\t\t\t\t\t<\/span>\n\t\t\t\t\t\t\t\t\t\t<span class=\"elementor-icon-list-text\">Escala de valoraci\u00f3n de la disnea del MRC (mMRC)<\/span>\n\t\t\t\t\t\t\t\t\t\t\t<\/a>\n\t\t\t\t\t\t\t\t\t<\/li>\n\t\t\t\t\t\t<\/ul>\n\t\t\t\t<\/div>\n\t\t\t\t<\/div>\n\t\t\t\t\t<\/div>\n\t\t<\/div>\n\t\t\t\t\t\t\t<\/div>\n\t\t<\/section>\n\t\t\t\t\t\t<\/div>\n\t\t\t\t\t<\/div>\n\t\t","protected":false},"excerpt":{"rendered":"<p>Inicio Con\u00f3cenos Normatividad Tipo de capacitaci\u00f3n Educaci\u00f3n Permanente en Salud Docente IMSS Sistemas de informaci\u00f3n SIICES SIPEC Solicitud de Apoyo al FOFOE Reportes Desarrollo Profesional Continuo Plataforma de Educaci\u00f3n a Distancia Censo Docente Institucional Sistema de Administraci\u00f3n del FOFOE Recursos Fondo de Fomento a la Educaci\u00f3n ( FOFOE ) Educaci\u00f3n Presencial en Salud Sistema Bibliotecario [&hellip;]<\/p>\n","protected":false},"author":9,"featured_media":0,"parent":0,"menu_order":0,"comment_status":"closed","ping_status":"closed","template":"","meta":[],"_links":{"self":[{"href":"http:\/\/educacionensalud.imss.gob.mx\/ces_wp\/wp-json\/wp\/v2\/pages\/12103"}],"collection":[{"href":"http:\/\/educacionensalud.imss.gob.mx\/ces_wp\/wp-json\/wp\/v2\/pages"}],"about":[{"href":"http:\/\/educacionensalud.imss.gob.mx\/ces_wp\/wp-json\/wp\/v2\/types\/page"}],"author":[{"embeddable":true,"href":"http:\/\/educacionensalud.imss.gob.mx\/ces_wp\/wp-json\/wp\/v2\/users\/9"}],"replies":[{"embeddable":true,"href":"http:\/\/educacionensalud.imss.gob.mx\/ces_wp\/wp-json\/wp\/v2\/comments?post=12103"}],"version-history":[{"count":121,"href":"http:\/\/educacionensalud.imss.gob.mx\/ces_wp\/wp-json\/wp\/v2\/pages\/12103\/revisions"}],"predecessor-version":[{"id":14122,"href":"http:\/\/educacionensalud.imss.gob.mx\/ces_wp\/wp-json\/wp\/v2\/pages\/12103\/revisions\/14122"}],"wp:attachment":[{"href":"http:\/\/educacionensalud.imss.gob.mx\/ces_wp\/wp-json\/wp\/v2\/media?parent=12103"}],"curies":[{"name":"wp","href":"https:\/\/api.w.org\/{rel}","templated":true}]}}